{"id":25,"date":"2023-01-31T21:38:48","date_gmt":"2023-01-31T21:38:48","guid":{"rendered":"https:\/\/andreacatelli.it\/?page_id=25"},"modified":"2026-03-11T09:59:10","modified_gmt":"2026-03-11T09:59:10","slug":"home","status":"publish","type":"page","link":"https:\/\/andreacatelli.it\/","title":{"rendered":"Cambiare, per crescere"},"content":{"rendered":"<h1><span style=\"color: #000080;\">Aiuto le persone ad attraversare le fasi difficili della vita professionale \u2014 cambi di ruolo, nuove responsabilit\u00e0, relazioni complesse \u2014 integrando vent&#8217;anni di pratica sul campo con PNL, Coaching e Costruttivismo.<\/span><\/h1>\n<p>In modo ogni giorno pi\u00f9 rapido e pressante, la societ\u00e0 ci spinge ad aggiornarci ed adattarci continuamente. Raggiungiamo equilibri che subito vengono rimessi in discussione, l&#8217;incertezza rende ogni cosa mutevole e dinamica. <strong><span style=\"color: #000080;\">Saper<\/span> c<\/strong><span style=\"color: #000080;\"><strong>ambiare \u00e8 diventata oggi una necessit\u00e0 e non una possibilit\u00e0<\/strong><\/span>.<\/p>\n<p>Il mantra \u201cabbiamo sempre fatto cos\u00ec\u201d non solo \u00e8 da mettere in discussione ma \u00e8 persino pericoloso. Le dinamiche organizzative e di relazione cambiano cos\u00ec velocemente che restare fermi \u00e8 una scelta perdente.<\/p>\n<p><strong><span style=\"color: #000080;\"><em>Mi sono specializzato nel sostenere i processi di cambiamento, sia per le singole persone che per le organizzazioni.<\/em><\/span><\/strong><\/p>\n<p>Al mutare del contesto intorno a noi mutano anche quelli che credevamo essere punti certi. La sensazione che ci pervade \u00e8 di insoddisfazione, di frustrazione, di rabbia e di fatica. Un senso di impotenza rispetto a quanto ci accade intorno e la difficolt\u00e0 di rispondere alla domanda: \u201cda dove inizio?\u201d.<\/p>\n<p>Sono segnali da non trascurare. Molti miei clienti mi riportano queste sensazioni e ne attribuiscono la responsabilit\u00e0 ad altri (il capo, il mercato, i clienti, i colleghi&#8230;). Sono invece, nella maggior parte dei casi, sensazioni che hanno origine dentro di noi, ed \u00e8 proprio da noi stessi che dobbiamo ripartire per imparare a gestirle.<\/p>\n<p><span style=\"color: #000080;\"><strong>A tutti capita, prima o poi, di dover riorientare o ripensare la propria progettualit\u00e0<\/strong><\/span> professionale, le proprie aspirazioni di carriera, il proprio percorso di vita. Pochi lo fanno ascoltando davvero se stessi.<\/p>\n<p>Solo partendo da noi possiamo riscoprire cosa \u00e8 veramente importante, come stare meglio nel lavoro che svolgiamo e nelle relazioni. Possiamo migliorare come stiamo in quello che stiamo gi\u00e0 facendo, o intraprendere nuove strade soddisfacenti.<\/p>\n<p>\u201c<span style=\"color: #000080;\"><strong><em>Iniziare un nuovo cammino ci spaventa, ma dopo ogni passo ci rendiamo conto di quanto fosse pericoloso rimanere fermi<\/em><\/strong><\/span>\u201d Roberto Benigni<\/p>\n<h1><span style=\"color: #000080;\">Ti <em>riconosci <\/em><\/span><span style=\"color: #000080;\">in qualcuna di queste situazioni?<\/span><\/h1>\n<p><span style=\"color: #000080;\"><strong>Difficolt\u00e0 nelle relazioni con colleghi o superiori<\/strong><\/span>. Lavoriamo sulle dinamiche relazionali ricorrenti per favorire relazioni pi\u00f9 consapevoli.<\/p>\n<p><strong><span style=\"color: #000080;\">Blocchi lavorativi e senso di svalutazione<\/span><\/strong>. Un percorso per rafforzare l&#8217;autostima e ritrovare chiarezza nel proprio ruolo professionale.<\/p>\n<p><span style=\"color: #000080;\"><strong>Difficolt\u00e0 nelle relazioni con i collaboratori<\/strong><\/span>. Lavoriamo sulle dinamiche di ruolo per favorire relazioni pi\u00f9 funzionali ed efficaci.<\/p>\n<p><strong><span style=\"color: #000080;\">Difficolt\u00e0 nel ruolo di leader<\/span><\/strong>. Lavoriamo sui simboli e i comportamenti di leadership per sviluppare il tuo carisma autentico.<\/p>\n<p><strong><span style=\"color: #000080;\">Sviluppo delle risorse personali<\/span><\/strong>. Ti aiuto a riconoscere e attivare le tue risorse interiori, finalizzandole ai tuoi obiettivi.<\/p>\n<p><strong><span style=\"color: #000080;\">Crescita personale e consapevolezza di s\u00e9<\/span><\/strong>. Un percorso di ascolto e presenza per ritrovare contatto con te stesso e con i tuoi valori autentici.<\/p>\n<p><strong><span style=\"color: #000080;\">Disagio e agitazione emotiva<\/span><\/strong>. Ti accompagno a comprendere l&#8217;origine del tuo malessere e a ritrovare equilibrio e centratura.<\/p>\n<p><strong><span style=\"color: #000080;\">Stanchezza emotiva e sovraccarico interiore<\/span><\/strong>. Uno spazio di ascolto per alleggerire il carico emotivo, recuperare energia e prospettiva.<\/p>\n<h2><em>Se una di queste situazioni ti appartiene, possiamo parlarne. [<a href=\"mailto:andreacatelli@yahoo.it\">scrivimi<\/a>]<br \/>\n<\/em><\/h2>\n<p>&nbsp;<\/p>\n<h5 id=\"title\" class=\"a-spacing-none a-text-normal\"><span id=\"productTitle\" class=\"a-size-large celwidget\" style=\"color: #993300;\" data-csa-c-id=\"qy61hf-9f35mf-1d95i2-i4m3l9\" data-cel-widget=\"productTitle\">Smettila di avere ragione: guida per leader che vogliono creare le condizioni invece di subirle<\/span><\/h5>\n<div class=\"a-expander-content a-expander-partial-collapse-content a-expander-content-expanded\" data-expanded=\"true\"><em>Cosa succederebbe se il problema che stai cercando di risolvere fossi tu?<\/em><br \/>\n<em>Questo manuale nasce da una domanda scomoda che ogni leader prima o poi incontra: perch\u00e9 fare le cose giuste non basta? Perch\u00e9 i team si bloccano, le persone resistono, i risultati non arrivano \u2014 anche quando l&#8217;analisi \u00e8 corretta e l&#8217;intenzione \u00e8 buona?<\/em><br \/>\n<em>La risposta \u00e8 che il leader \u00e8 sempre dentro il sistema che osserva. Non fuori. Non sopra. Dentro. E questa consapevolezza cambia tutto. <\/em><em>Un libro per chi guida persone e vuole farlo in modo pi\u00f9 autentico, pi\u00f9 efficace e pi\u00f9 umano. Per chi ha il coraggio di mettere in discussione non solo gli altri \u2014 ma il proprio modo di vedere.<\/em><br \/>\n<span style=\"color: #000080;\"><em><span class=\"a-text-bold\">Il cambiamento non \u00e8 un salto nel buio. \u00c8 un orizzonte che si allarga.<\/span><\/em><\/span><\/div>\n<p>&nbsp;<\/p>\n<figure id=\"attachment_293\" aria-describedby=\"caption-attachment-293\" style=\"width: 283px\" class=\"wp-caption aligncenter\"><a href=\"https:\/\/www.amazon.it\/Smettila-avere-ragione-vogliono-condizioni\/dp\/B0GRNQH17N\/ref=sr_1_1?__mk_it_IT=%C3%85M%C3%85%C5%BD%C3%95%C3%91&amp;crid=2I28WAT97U8KJ&amp;dib=eyJ2IjoiMSJ9.b1gE5AVVepqphC7y0NSajzui5TFJC03sVxVdJVh6yrgfnWXiQ5HgpiFhltsl-Q-6.R2ZV72sAbEwhOQabFt730fMfAJU_H0rMCbTegIndMjM&amp;dib_tag=se&amp;keywords=andrea+catelli&amp;qid=1773222410&amp;sprefix=andrea+catelli%2Caps%2C249&amp;sr=8-1\" target=\"_blank\" rel=\"noopener\"><img loading=\"lazy\" decoding=\"async\" class=\"wp-image-293 size-medium\" src=\"https:\/\/andreacatelli.it\/wp-content\/uploads\/2026\/03\/copertina-283x300.jpg\" alt=\"\" width=\"283\" height=\"300\" srcset=\"https:\/\/andreacatelli.it\/wp-content\/uploads\/2026\/03\/copertina-283x300.jpg 283w, https:\/\/andreacatelli.it\/wp-content\/uploads\/2026\/03\/copertina.jpg 400w\" sizes=\"auto, (max-width: 283px) 100vw, 283px\" \/><\/a><figcaption id=\"caption-attachment-293\" class=\"wp-caption-text\">Acquista su Amazon<\/figcaption><\/figure>\n<p>&nbsp;<\/p>\n<p>&nbsp;<\/p>\n","protected":false},"excerpt":{"rendered":"<p>Aiuto le persone ad attraversare le fasi difficili della vita professionale \u2014 cambi di ruolo, nuove responsabilit\u00e0, relazioni complesse \u2014 integrando vent&#8217;anni di pratica sul campo con PNL, Coaching e Costruttivismo. In modo ogni giorno pi\u00f9 rapido e pressante, la societ\u00e0 ci spinge ad aggiornarci ed adattarci continuamente. Raggiungiamo equilibri che subito vengono rimessi in &hellip; <\/p>\n<p class=\"link-more\"><a href=\"https:\/\/andreacatelli.it\/\" class=\"more-link\">Leggi tutto<span class=\"screen-reader-text\"> &#8220;Cambiare, per crescere&#8221;<\/span><\/a><\/p>\n","protected":false},"author":1,"featured_media":0,"parent":0,"menu_order":0,"comment_status":"closed","ping_status":"closed","template":"","meta":{"footnotes":""},"class_list":["post-25","page","type-page","status-publish","hentry"],"yoast_head":"<!-- This site is optimized with the Yoast SEO plugin v20.2.1 - https:\/\/yoast.com\/wordpress\/plugins\/seo\/ -->\n<title>Cambiare, per crescere - Coaching, formazione, consulenza<\/title>\n<meta name=\"robots\" content=\"index, follow, max-snippet:-1, max-image-preview:large, max-video-preview:-1\" \/>\n<link rel=\"canonical\" href=\"https:\/\/andreacatelli.it\/\" \/>\n<meta property=\"og:locale\" content=\"it_IT\" \/>\n<meta property=\"og:type\" content=\"article\" \/>\n<meta property=\"og:title\" content=\"Cambiare, per crescere - Coaching, formazione, consulenza\" \/>\n<meta property=\"og:description\" content=\"Aiuto le persone ad attraversare le fasi difficili della vita professionale \u2014 cambi di ruolo, nuove responsabilit\u00e0, relazioni complesse \u2014 integrando vent&#8217;anni di pratica sul campo con PNL, Coaching e Costruttivismo. In modo ogni giorno pi\u00f9 rapido e pressante, la societ\u00e0 ci spinge ad aggiornarci ed adattarci continuamente. Raggiungiamo equilibri che subito vengono rimessi in &hellip; Leggi tutto &quot;Cambiare, per crescere&quot;\" \/>\n<meta property=\"og:url\" content=\"https:\/\/andreacatelli.it\/\" \/>\n<meta property=\"og:site_name\" content=\"Coaching, formazione, consulenza\" \/>\n<meta property=\"article:modified_time\" content=\"2026-03-11T09:59:10+00:00\" \/>\n<meta property=\"og:image\" content=\"https:\/\/andreacatelli.it\/wp-content\/uploads\/2026\/03\/copertina-283x300.jpg\" \/>\n<meta name=\"twitter:card\" content=\"summary_large_image\" \/>\n<meta name=\"twitter:label1\" content=\"Tempo di lettura stimato\" \/>\n\t<meta name=\"twitter:data1\" content=\"4 minuti\" \/>\n<script type=\"application\/ld+json\" class=\"yoast-schema-graph\">{\"@context\":\"https:\/\/schema.org\",\"@graph\":[{\"@type\":\"WebPage\",\"@id\":\"https:\/\/andreacatelli.it\/\",\"url\":\"https:\/\/andreacatelli.it\/\",\"name\":\"Cambiare, per crescere - Coaching, formazione, consulenza\",\"isPartOf\":{\"@id\":\"https:\/\/andreacatelli.it\/#website\"},\"datePublished\":\"2023-01-31T21:38:48+00:00\",\"dateModified\":\"2026-03-11T09:59:10+00:00\",\"breadcrumb\":{\"@id\":\"https:\/\/andreacatelli.it\/#breadcrumb\"},\"inLanguage\":\"it-IT\",\"potentialAction\":[{\"@type\":\"ReadAction\",\"target\":[\"https:\/\/andreacatelli.it\/\"]}]},{\"@type\":\"BreadcrumbList\",\"@id\":\"https:\/\/andreacatelli.it\/#breadcrumb\",\"itemListElement\":[{\"@type\":\"ListItem\",\"position\":1,\"name\":\"Home\",\"item\":\"https:\/\/andreacatelli.it\/\"},{\"@type\":\"ListItem\",\"position\":2,\"name\":\"Cambiare, per crescere\"}]},{\"@type\":\"WebSite\",\"@id\":\"https:\/\/andreacatelli.it\/#website\",\"url\":\"https:\/\/andreacatelli.it\/\",\"name\":\"Coaching, formazione, consulenza\",\"description\":\"Sviluppa il tuo talento e le potenzialit\u00e0 della tua organizzazione\",\"potentialAction\":[{\"@type\":\"SearchAction\",\"target\":{\"@type\":\"EntryPoint\",\"urlTemplate\":\"https:\/\/andreacatelli.it\/?s={search_term_string}\"},\"query-input\":\"required name=search_term_string\"}],\"inLanguage\":\"it-IT\"}]}<\/script>\n<!-- \/ Yoast SEO plugin. -->","yoast_head_json":{"title":"Cambiare, per crescere - Coaching, formazione, consulenza","robots":{"index":"index","follow":"follow","max-snippet":"max-snippet:-1","max-image-preview":"max-image-preview:large","max-video-preview":"max-video-preview:-1"},"canonical":"https:\/\/andreacatelli.it\/","og_locale":"it_IT","og_type":"article","og_title":"Cambiare, per crescere - Coaching, formazione, consulenza","og_description":"Aiuto le persone ad attraversare le fasi difficili della vita professionale \u2014 cambi di ruolo, nuove responsabilit\u00e0, relazioni complesse \u2014 integrando vent&#8217;anni di pratica sul campo con PNL, Coaching e Costruttivismo. In modo ogni giorno pi\u00f9 rapido e pressante, la societ\u00e0 ci spinge ad aggiornarci ed adattarci continuamente. Raggiungiamo equilibri che subito vengono rimessi in &hellip; Leggi tutto \"Cambiare, per crescere\"","og_url":"https:\/\/andreacatelli.it\/","og_site_name":"Coaching, formazione, consulenza","article_modified_time":"2026-03-11T09:59:10+00:00","og_image":[{"url":"https:\/\/andreacatelli.it\/wp-content\/uploads\/2026\/03\/copertina-283x300.jpg"}],"twitter_card":"summary_large_image","twitter_misc":{"Tempo di lettura stimato":"4 minuti"},"schema":{"@context":"https:\/\/schema.org","@graph":[{"@type":"WebPage","@id":"https:\/\/andreacatelli.it\/","url":"https:\/\/andreacatelli.it\/","name":"Cambiare, per crescere - Coaching, formazione, consulenza","isPartOf":{"@id":"https:\/\/andreacatelli.it\/#website"},"datePublished":"2023-01-31T21:38:48+00:00","dateModified":"2026-03-11T09:59:10+00:00","breadcrumb":{"@id":"https:\/\/andreacatelli.it\/#breadcrumb"},"inLanguage":"it-IT","potentialAction":[{"@type":"ReadAction","target":["https:\/\/andreacatelli.it\/"]}]},{"@type":"BreadcrumbList","@id":"https:\/\/andreacatelli.it\/#breadcrumb","itemListElement":[{"@type":"ListItem","position":1,"name":"Home","item":"https:\/\/andreacatelli.it\/"},{"@type":"ListItem","position":2,"name":"Cambiare, per crescere"}]},{"@type":"WebSite","@id":"https:\/\/andreacatelli.it\/#website","url":"https:\/\/andreacatelli.it\/","name":"Coaching, formazione, consulenza","description":"Sviluppa il tuo talento e le potenzialit\u00e0 della tua organizzazione","potentialAction":[{"@type":"SearchAction","target":{"@type":"EntryPoint","urlTemplate":"https:\/\/andreacatelli.it\/?s={search_term_string}"},"query-input":"required name=search_term_string"}],"inLanguage":"it-IT"}]}},"_links":{"self":[{"href":"https:\/\/andreacatelli.it\/index.php?rest_route=\/wp\/v2\/pages\/25","targetHints":{"allow":["GET"]}}],"collection":[{"href":"https:\/\/andreacatelli.it\/index.php?rest_route=\/wp\/v2\/pages"}],"about":[{"href":"https:\/\/andreacatelli.it\/index.php?rest_route=\/wp\/v2\/types\/page"}],"author":[{"embeddable":true,"href":"https:\/\/andreacatelli.it\/index.php?rest_route=\/wp\/v2\/users\/1"}],"replies":[{"embeddable":true,"href":"https:\/\/andreacatelli.it\/index.php?rest_route=%2Fwp%2Fv2%2Fcomments&post=25"}],"version-history":[{"count":39,"href":"https:\/\/andreacatelli.it\/index.php?rest_route=\/wp\/v2\/pages\/25\/revisions"}],"predecessor-version":[{"id":300,"href":"https:\/\/andreacatelli.it\/index.php?rest_route=\/wp\/v2\/pages\/25\/revisions\/300"}],"wp:attachment":[{"href":"https:\/\/andreacatelli.it\/index.php?rest_route=%2Fwp%2Fv2%2Fmedia&parent=25"}],"curies":[{"name":"wp","href":"https:\/\/api.w.org\/{rel}","templated":true}]}}