{"id":289,"date":"2026-03-11T09:38:54","date_gmt":"2026-03-11T09:38:54","guid":{"rendered":"https:\/\/andreacatelli.it\/?page_id=289"},"modified":"2026-03-25T20:25:03","modified_gmt":"2026-03-25T20:25:03","slug":"dicono-di-me","status":"publish","type":"page","link":"https:\/\/andreacatelli.it\/?page_id=289","title":{"rendered":"Dicono di me"},"content":{"rendered":"<ul>\n<li style=\"list-style-type: none;\">\n<ul>\n<li><span style=\"color: #000080;\"><span style=\"color: #000080;\"><span style=\"color: #000080;\"><em><span style=\"color: #993300;\"><a href=\"http:\/\/www.andreacatelli.it\/DOCUMENTI\/Rotary.pdf\" target=\"_blank\" rel=\"noopener\">&#8220;Il conflitto: capirlo, gestirlo ed utilizzarlo&#8221; Rotary Como &#8211; 5 marzo 2026<\/a><\/span><\/em><\/span><\/span><\/span><\/li>\n<\/ul>\n<\/li>\n<\/ul>\n<ul>\n<li style=\"list-style-type: none;\">\n<ul>\n<li><span style=\"color: #000080;\"><span style=\"color: #000080;\"><span style=\"color: #000080;\"><em><span style=\"color: #993300;\">Caro Andrea,<br \/>\nquello che mi porto via dagli incontri con te non \u00e8 solo ci\u00f2 che \u00e8 stato detto\u2026 ma come sono stato ascoltato.<br \/>\nSono arrivato con una preoccupazione chiara: mio figlio, il suo percorso nello sport, le sue difficolt\u00e0. Pensavo di parlare di lui, di trovare risposte per lui. Ma fin dai primi minuti ho capito che stava succedendo qualcosa di diverso.<br \/>\nMi hai ascoltato davvero. Non in modo superficiale, non aspettando il tuo turno per parlare. Mi hai ascoltato in profondit\u00e0, anche nei silenzi, anche in quello che facevo fatica a dire. Ed \u00e8 stato l\u00ec che qualcosa ha iniziato a cambiare.<br \/>\nPerch\u00e9 quando qualcuno ti ascolta cos\u00ec, senza giudizio, senza fretta, senza voler dimostrare niente\u2026 abbassi le difese. E inizi a vedere.<br \/>\nCon una naturalezza incredibile mi hai accompagnato verso me stesso, senza mai spingere, senza mai forzare. Solo attraverso la tua presenza e la tua capacit\u00e0 di esserci davvero.<br \/>\nLa seduta di ipnosi \u00e8 stata il punto pi\u00f9 intenso di questo percorso. Ma la verit\u00e0 \u00e8 che tutto \u00e8 partito da l\u00ec: dal modo in cui mi hai ascoltato. \u00c8 stato quello a permettermi di fidarmi, di lasciarmi andare, di entrare in profondit\u00e0 senza paura.<br \/>\nSono arrivato come padre in cerca di risposte per suo figlio. Sono uscito con qualcosa di molto pi\u00f9 grande: una consapevolezza nuova, una calma diversa, e la sensazione \u2014 rara \u2014 di essere stato visto davvero.<br \/>\nHai un dono che non \u00e8 cos\u00ec comune: sai ascoltare le persone fino in fondo. E in quel tipo di ascolto succedono cose che vanno oltre le parole.<br \/>\nTi sono sinceramente grato. Perch\u00e9 a volte non serve qualcuno che ti dica cosa fare. Serve qualcuno che sappia ascoltarti davvero.<br \/>\nE tu questo lo sai fare.<br \/>\nGrazie Andrea.<br \/>\nM.<\/span><\/em><\/span><\/span><\/span><\/li>\n<\/ul>\n<\/li>\n<\/ul>\n<ul>\n<li style=\"list-style-type: none;\">\n<ul>\n<li><span style=\"color: #000080;\"><em>Andrea \u00e8 una persona speciale. Con la sua professionalit\u00e0 ed empatia \u00e8 riuscito a sciogliere alcuni &#8220;nodi&#8221; per me molto importanti. L&#8217;esperienza di &#8220;trance&#8221; \u00e8 stata importante. Mi ha aiutato a liberarmi da qualche resistenza interna e grazie ad Andrea ho acquisito qualche strumento in pi\u00f9 per affrontare le problematiche della vita.<\/em><\/span><br \/>\n<span style=\"color: #000080;\"><em>Un grazie ad Andrea per tutto quello che ha fatto. Ritorner\u00f2 a disturbarlo perch\u00e9 \u00e8 necessario fare &#8220;manutenzione\u201d.<\/em><\/span><br \/>\n<span style=\"color: #000000;\"><em>G.<\/em><\/span><\/li>\n<\/ul>\n<\/li>\n<\/ul>\n<ul>\n<li style=\"list-style-type: none;\">\n<ul>\n<li><em><span style=\"color: #993300;\">Momenti intensi in cui si entra in contatto profondo con s\u00e8 stessi.<\/span><\/em><br \/>\nS.<\/li>\n<\/ul>\n<\/li>\n<\/ul>\n<ul>\n<li style=\"list-style-type: none;\">\n<ul>\n<li><span style=\"color: #993300;\"><em><span style=\"color: #000080;\">Imparare ad ascoltarsi e a parlarsi, fare domande al proprio inconscio, sentire i campanelli d\u2019allarme che manda: grazie alle coaching di Andrea ho imparato prima di tutto a riconoscere i segnali che mi portano a SENTIRE me stessa e a VEDERE la strada che sto percorrendo e SCEGLIERE come proseguire, di giorno in giorno.<\/span><\/em><br \/>\n<em><span style=\"color: #000080;\">Il coach da voce a ci\u00f2 che hai dentro, sbroglia la matassa dei tuoi pensieri, li mette in fila, fa domande che ti portano allo specchio e ti fanno alzare gli occhi sull\u2019immagine che hai davanti, ti portano a guardarti veramente. Non \u00e8 facile e non \u00e8 scontato.<\/span><\/em><br \/>\n<em><span style=\"color: #000080;\">Ancora mi vengono le lacrime agli occhi a pensare a quando durante le prime coaching mi sono rivista bambina, adolescente e mi sono trovata a parlare alla me di allora con il bagaglio di vita che porto adesso. E\u2019 potente.<\/span><\/em><br \/>\n<em><span style=\"color: #000080;\">Il viaggio \u00e8 ancora lungo, ma ora ho la bussola per non perdermi: altro strumento donato in dotazione da Andrea! Grazie per avermi insegnato che ascoltare se stessi non \u00e8 un atto di egoismo, ma di forza per me e per gli altri.<\/span><\/em><br \/>\n<span style=\"color: #000000;\">R.<\/span><\/span><\/li>\n<\/ul>\n<\/li>\n<\/ul>\n<ul>\n<li style=\"list-style-type: none;\">\n<ul>\n<li><em><span style=\"color: #993300;\">Le sedute mi hanno guidata e accompagnata verso un ascolto pi\u00f9 attento del mio corpo e del mio inconscio. Mi hanno aiutata a ricordare parti di me che erano rimaste assopite e a fare chiarezza tra dubbi e domande interiori.<\/span><\/em><br \/>\n<em><span style=\"color: #993300;\">Andrea \u00e8 un coach \u201cperturbante\u201d nel senso pi\u00f9 positivo del termine: sa smuovere ci\u00f2 che deve emergere, ma senza lasciarti mai sola. Accompagna quando \u00e8 il momento di sostenere e guida quando \u00e8 necessario indicare la direzione.<\/span><\/em><br \/>\nC.<\/li>\n<\/ul>\n<\/li>\n<\/ul>\n<ul>\n<li style=\"list-style-type: none;\">\n<ul>\n<li><span style=\"color: #000080;\"><em>Mi sono rivolta ad Andrea inizialmente per un coaching sulla gestione finanziaria, in un momento in cui sentivo il bisogno di fare chiarezza nel mio rapporto con il denaro. <\/em><\/span><br \/>\n<span style=\"color: #000080;\"><em>Il lavoro fatto insieme mi ha aiutato soprattutto a osservare il modo in cui stavo dando senso ai soldi e come questo influenzasse concretamente il fatto di averne o meno. <\/em><\/span><br \/>\n<span style=\"color: #000080;\"><em>Attraverso le conversazioni, le domande e le esercitazioni emerse nel percorso ho iniziato a vedere con pi\u00f9 lucidit\u00e0 il modo in cui gestivo le risorse economiche e, allo stesso tempo, il valore che posso generare attraverso il mio ruolo professionale. Questa consapevolezza ha avuto effetti molto concreti: nel tempo sono riuscita sia a risparmiare di pi\u00f9 sia a migliorare la mia capacit\u00e0 di guadagno. La cosa pi\u00f9 importante, per\u00f2, \u00e8 che questo cambiamento \u00e8 arrivato con serenit\u00e0, nella sensazione di costruire risultati facendo qualcosa che mi rappresenta e che mi d\u00e0 soddisfazione.<\/em><\/span><br \/>\n<span style=\"color: #000080;\"><em>Un altro lavoro che ho fatto con Andrea \u00e8 arrivato in un momento molto diverso della mia vita: dopo la morte di mio pap\u00e0. Mi accorgevo che ogni volta che qualcuno mi parlava di lui iniziavo a piangere. Era una reazione che mi sembrava un po\u2019 invalidante, anche perch\u00e9 dalla psicologa spesso ci si aspetta di dover gestire tutto perfettamente. Per questo ho chiesto ad Andrea se fosse possibile lavorare su questo attraverso l\u2019ipnosi, e abbiamo fatto due incontri. Il primo \u00e8 stato dedicato alla relazione con mio padre. In quella sessione ho potuto imprimere nella memoria ci\u00f2 che la relazione con lui mi ha donato: il senso di quello che abbiamo costruito insieme e che posso continuare a portare avanti e trasmettere anche ai miei nipoti o alle persone con cui lavoro. L\u2019aspetto pi\u00f9 liberante \u00e8 stato riuscire a mettere ordine dentro di me, portando alla luce ricordi e significati che erano rimasti un po\u2019 sparsi nella mente e offuscati dal dolore e dal pensiero di \u201cavrei dovuto fare di pi\u00f9\u201d. <\/em><\/span><br \/>\n<span style=\"color: #000080;\"><em>Uscita da quella seduta mi sono sentita subito pi\u00f9 leggera e serena. Qualche giorno dopo \u00e8 scomparso anche un dolore all\u2019anca che avevo da tempo. La seconda sessione \u00e8 stata un\u2019ipnosi progressiva, orientata a una domanda molto semplice e potente: \u201cOra che sei tu il capo famiglia, che cosa vuoi fare?\u201d. \u00c8 stato molto bello potermi vedere pi\u00f9 avanti nel tempo, immaginare cosa vorrei poter dire poco prima di morire e chi vorrei avere accanto a me in quel momento. \u00c8 stato un modo molto concreto per chiarire le priorit\u00e0 e il modo in cui voglio abitare la mia vita e la mia famiglia. Anche in questo caso sono uscita dallo studio con una sensazione di leggerezza e serenit\u00e0. Per questo sento gratitudine verso Andrea e lo considero una risorsa molto preziosa. Spero che molte persone possano fare esperienza di questo tipo di lavoro per stare meglio.<\/em><\/span><br \/>\n<span style=\"color: #000080;\"><em>Personalmente mi sono anche appassionata molto all\u2019ipnosi e credo che presto investir\u00f2 di pi\u00f9 in questa direzione.<\/em><\/span><br \/>\n<span style=\"color: #000000;\"><em>A.<\/em><\/span><\/li>\n<\/ul>\n<\/li>\n<\/ul>\n<p>&nbsp;<\/p>\n<p>&nbsp;<\/p>\n<p>&nbsp;<\/p>\n","protected":false},"excerpt":{"rendered":"<p>&#8220;Il conflitto: capirlo, gestirlo ed utilizzarlo&#8221; Rotary Como &#8211; 5 marzo 2026 Caro Andrea, quello che mi porto via dagli incontri con te non \u00e8 solo ci\u00f2 che \u00e8 stato detto\u2026 ma come sono stato ascoltato. Sono arrivato con una preoccupazione chiara: mio figlio, il suo percorso nello sport, le sue difficolt\u00e0. Pensavo di parlare &hellip; <\/p>\n<p class=\"link-more\"><a href=\"https:\/\/andreacatelli.it\/?page_id=289\" class=\"more-link\">Leggi tutto<span class=\"screen-reader-text\"> &#8220;Dicono di me&#8221;<\/span><\/a><\/p>\n","protected":false},"author":1,"featured_media":0,"parent":0,"menu_order":0,"comment_status":"closed","ping_status":"closed","template":"","meta":{"footnotes":""},"class_list":["post-289","page","type-page","status-publish","hentry"],"yoast_head":"<!-- This site is optimized with the Yoast SEO plugin v20.2.1 - https:\/\/yoast.com\/wordpress\/plugins\/seo\/ -->\n<title>Dicono di me - Coaching, formazione, consulenza<\/title>\n<meta name=\"robots\" content=\"index, follow, max-snippet:-1, max-image-preview:large, max-video-preview:-1\" \/>\n<link rel=\"canonical\" href=\"https:\/\/andreacatelli.it\/?page_id=289\" \/>\n<meta property=\"og:locale\" content=\"it_IT\" \/>\n<meta property=\"og:type\" content=\"article\" \/>\n<meta property=\"og:title\" content=\"Dicono di me - Coaching, formazione, consulenza\" \/>\n<meta property=\"og:description\" content=\"&#8220;Il conflitto: capirlo, gestirlo ed utilizzarlo&#8221; Rotary Como &#8211; 5 marzo 2026 Caro Andrea, quello che mi porto via dagli incontri con te non \u00e8 solo ci\u00f2 che \u00e8 stato detto\u2026 ma come sono stato ascoltato. Sono arrivato con una preoccupazione chiara: mio figlio, il suo percorso nello sport, le sue difficolt\u00e0. Pensavo di parlare &hellip; Leggi tutto &quot;Dicono di me&quot;\" \/>\n<meta property=\"og:url\" content=\"https:\/\/andreacatelli.it\/?page_id=289\" \/>\n<meta property=\"og:site_name\" content=\"Coaching, formazione, consulenza\" \/>\n<meta property=\"article:modified_time\" content=\"2026-03-25T20:25:03+00:00\" \/>\n<meta name=\"twitter:card\" content=\"summary_large_image\" \/>\n<meta name=\"twitter:label1\" content=\"Tempo di lettura stimato\" \/>\n\t<meta name=\"twitter:data1\" content=\"7 minuti\" \/>\n<script type=\"application\/ld+json\" class=\"yoast-schema-graph\">{\"@context\":\"https:\/\/schema.org\",\"@graph\":[{\"@type\":\"WebPage\",\"@id\":\"https:\/\/andreacatelli.it\/?page_id=289\",\"url\":\"https:\/\/andreacatelli.it\/?page_id=289\",\"name\":\"Dicono di me - Coaching, formazione, consulenza\",\"isPartOf\":{\"@id\":\"https:\/\/andreacatelli.it\/#website\"},\"datePublished\":\"2026-03-11T09:38:54+00:00\",\"dateModified\":\"2026-03-25T20:25:03+00:00\",\"breadcrumb\":{\"@id\":\"https:\/\/andreacatelli.it\/?page_id=289#breadcrumb\"},\"inLanguage\":\"it-IT\",\"potentialAction\":[{\"@type\":\"ReadAction\",\"target\":[\"https:\/\/andreacatelli.it\/?page_id=289\"]}]},{\"@type\":\"BreadcrumbList\",\"@id\":\"https:\/\/andreacatelli.it\/?page_id=289#breadcrumb\",\"itemListElement\":[{\"@type\":\"ListItem\",\"position\":1,\"name\":\"Home\",\"item\":\"https:\/\/andreacatelli.it\/\"},{\"@type\":\"ListItem\",\"position\":2,\"name\":\"Dicono di me\"}]},{\"@type\":\"WebSite\",\"@id\":\"https:\/\/andreacatelli.it\/#website\",\"url\":\"https:\/\/andreacatelli.it\/\",\"name\":\"Coaching, formazione, consulenza\",\"description\":\"Sviluppa il tuo talento e le potenzialit\u00e0 della tua organizzazione\",\"potentialAction\":[{\"@type\":\"SearchAction\",\"target\":{\"@type\":\"EntryPoint\",\"urlTemplate\":\"https:\/\/andreacatelli.it\/?s={search_term_string}\"},\"query-input\":\"required name=search_term_string\"}],\"inLanguage\":\"it-IT\"}]}<\/script>\n<!-- \/ Yoast SEO plugin. -->","yoast_head_json":{"title":"Dicono di me - Coaching, formazione, consulenza","robots":{"index":"index","follow":"follow","max-snippet":"max-snippet:-1","max-image-preview":"max-image-preview:large","max-video-preview":"max-video-preview:-1"},"canonical":"https:\/\/andreacatelli.it\/?page_id=289","og_locale":"it_IT","og_type":"article","og_title":"Dicono di me - Coaching, formazione, consulenza","og_description":"&#8220;Il conflitto: capirlo, gestirlo ed utilizzarlo&#8221; Rotary Como &#8211; 5 marzo 2026 Caro Andrea, quello che mi porto via dagli incontri con te non \u00e8 solo ci\u00f2 che \u00e8 stato detto\u2026 ma come sono stato ascoltato. Sono arrivato con una preoccupazione chiara: mio figlio, il suo percorso nello sport, le sue difficolt\u00e0. Pensavo di parlare &hellip; Leggi tutto \"Dicono di me\"","og_url":"https:\/\/andreacatelli.it\/?page_id=289","og_site_name":"Coaching, formazione, consulenza","article_modified_time":"2026-03-25T20:25:03+00:00","twitter_card":"summary_large_image","twitter_misc":{"Tempo di lettura stimato":"7 minuti"},"schema":{"@context":"https:\/\/schema.org","@graph":[{"@type":"WebPage","@id":"https:\/\/andreacatelli.it\/?page_id=289","url":"https:\/\/andreacatelli.it\/?page_id=289","name":"Dicono di me - Coaching, formazione, consulenza","isPartOf":{"@id":"https:\/\/andreacatelli.it\/#website"},"datePublished":"2026-03-11T09:38:54+00:00","dateModified":"2026-03-25T20:25:03+00:00","breadcrumb":{"@id":"https:\/\/andreacatelli.it\/?page_id=289#breadcrumb"},"inLanguage":"it-IT","potentialAction":[{"@type":"ReadAction","target":["https:\/\/andreacatelli.it\/?page_id=289"]}]},{"@type":"BreadcrumbList","@id":"https:\/\/andreacatelli.it\/?page_id=289#breadcrumb","itemListElement":[{"@type":"ListItem","position":1,"name":"Home","item":"https:\/\/andreacatelli.it\/"},{"@type":"ListItem","position":2,"name":"Dicono di me"}]},{"@type":"WebSite","@id":"https:\/\/andreacatelli.it\/#website","url":"https:\/\/andreacatelli.it\/","name":"Coaching, formazione, consulenza","description":"Sviluppa il tuo talento e le potenzialit\u00e0 della tua organizzazione","potentialAction":[{"@type":"SearchAction","target":{"@type":"EntryPoint","urlTemplate":"https:\/\/andreacatelli.it\/?s={search_term_string}"},"query-input":"required name=search_term_string"}],"inLanguage":"it-IT"}]}},"_links":{"self":[{"href":"https:\/\/andreacatelli.it\/index.php?rest_route=\/wp\/v2\/pages\/289","targetHints":{"allow":["GET"]}}],"collection":[{"href":"https:\/\/andreacatelli.it\/index.php?rest_route=\/wp\/v2\/pages"}],"about":[{"href":"https:\/\/andreacatelli.it\/index.php?rest_route=\/wp\/v2\/types\/page"}],"author":[{"embeddable":true,"href":"https:\/\/andreacatelli.it\/index.php?rest_route=\/wp\/v2\/users\/1"}],"replies":[{"embeddable":true,"href":"https:\/\/andreacatelli.it\/index.php?rest_route=%2Fwp%2Fv2%2Fcomments&post=289"}],"version-history":[{"count":25,"href":"https:\/\/andreacatelli.it\/index.php?rest_route=\/wp\/v2\/pages\/289\/revisions"}],"predecessor-version":[{"id":343,"href":"https:\/\/andreacatelli.it\/index.php?rest_route=\/wp\/v2\/pages\/289\/revisions\/343"}],"wp:attachment":[{"href":"https:\/\/andreacatelli.it\/index.php?rest_route=%2Fwp%2Fv2%2Fmedia&parent=289"}],"curies":[{"name":"wp","href":"https:\/\/api.w.org\/{rel}","templated":true}]}}